{"id":45,"date":"2021-03-15T15:50:59","date_gmt":"2021-03-15T14:50:59","guid":{"rendered":"https:\/\/www.theatrecharbon.fr\/sandbox\/?page_id=45"},"modified":"2021-06-28T16:08:46","modified_gmt":"2021-06-28T14:08:46","slug":"la-compagnie","status":"publish","type":"page","link":"https:\/\/www.theatrecharbon.fr\/sandbox\/la-compagnie\/","title":{"rendered":"La compagnie"},"content":{"rendered":"\t\t<div data-elementor-type=\"wp-page\" data-elementor-id=\"45\" class=\"elementor elementor-45\">\n\t\t\t\t\t\t<section class=\"elementor-section elementor-top-section elementor-element elementor-element-25b7001 elementor-section-height-min-height elementor-section-boxed elementor-section-height-default elementor-section-items-middle\" data-id=\"25b7001\" data-element_type=\"section\" data-e-type=\"section\" data-settings=\"{&quot;background_background&quot;:&quot;video&quot;,&quot;background_video_link&quot;:&quot;https:\\\/\\\/www.youtube.com\\\/watch?v=lZsFS1d4rdA&amp;t=3s&quot;,&quot;background_video_end&quot;:200,&quot;background_video_start&quot;:30}\">\n\t\t\t\t\t\t\t\t<div class=\"elementor-background-video-container elementor-hidden-mobile\">\n\t\t\t\t\t\t\t\t\t\t\t\t\t<div class=\"elementor-background-video-embed\" role=\"presentation\"><\/div>\n\t\t\t\t\t\t\t\t\t\t\t\t<\/div>\n\t\t\t\t\t\t\t\t\t<div class=\"elementor-background-overlay\"><\/div>\n\t\t\t\t\t\t\t<div class=\"elementor-container elementor-column-gap-no\">\n\t\t\t\t\t<div class=\"elementor-column elementor-col-100 elementor-top-column elementor-element elementor-element-30c35d6\" data-id=\"30c35d6\" data-element_type=\"column\" data-e-type=\"column\">\n\t\t\t<div class=\"elementor-widget-wrap elementor-element-populated\">\n\t\t\t\t\t\t<div class=\"elementor-element elementor-element-5a18ca7e elementor-widget elementor-widget-spacer\" data-id=\"5a18ca7e\" data-element_type=\"widget\" data-e-type=\"widget\" data-widget_type=\"spacer.default\">\n\t\t\t\t<div class=\"elementor-widget-container\">\n\t\t\t\t\t\t\t<div class=\"elementor-spacer\">\n\t\t\t<div class=\"elementor-spacer-inner\"><\/div>\n\t\t<\/div>\n\t\t\t\t\t\t<\/div>\n\t\t\t\t<\/div>\n\t\t\t\t\t<\/div>\n\t\t<\/div>\n\t\t\t\t\t<\/div>\n\t\t<\/section>\n\t\t\t\t<section class=\"elementor-section elementor-top-section elementor-element elementor-element-53050a98 elementor-section-boxed elementor-section-height-default elementor-section-height-default\" data-id=\"53050a98\" data-element_type=\"section\" data-e-type=\"section\">\n\t\t\t\t\t\t<div class=\"elementor-container elementor-column-gap-default\">\n\t\t\t\t\t<div class=\"elementor-column elementor-col-100 elementor-top-column elementor-element elementor-element-33b0ff0d\" data-id=\"33b0ff0d\" data-element_type=\"column\" data-e-type=\"column\">\n\t\t\t<div class=\"elementor-widget-wrap elementor-element-populated\">\n\t\t\t\t\t\t<div class=\"elementor-element elementor-element-3dcf48ef elementor-widget elementor-widget-heading\" data-id=\"3dcf48ef\" data-element_type=\"widget\" data-e-type=\"widget\" data-widget_type=\"heading.default\">\n\t\t\t\t<div class=\"elementor-widget-container\">\n\t\t\t\t\t<h1 class=\"elementor-heading-title elementor-size-default\">La Compagnie<\/h1>\t\t\t\t<\/div>\n\t\t\t\t<\/div>\n\t\t\t\t<div class=\"elementor-element elementor-element-383cb5d8 elementor-widget elementor-widget-text-editor\" data-id=\"383cb5d8\" data-element_type=\"widget\" data-e-type=\"widget\" data-widget_type=\"text-editor.default\">\n\t\t\t\t<div class=\"elementor-widget-container\">\n\t\t\t\t\t\t\t\t\t<p>Fond\u00e9e en 2011<\/p>\t\t\t\t\t\t\t\t<\/div>\n\t\t\t\t<\/div>\n\t\t\t\t<section class=\"elementor-section elementor-inner-section elementor-element elementor-element-fe8d934 elementor-section-boxed elementor-section-height-default elementor-section-height-default\" data-id=\"fe8d934\" data-element_type=\"section\" data-e-type=\"section\">\n\t\t\t\t\t\t<div class=\"elementor-container elementor-column-gap-default\">\n\t\t\t\t\t<div class=\"elementor-column elementor-col-50 elementor-inner-column elementor-element elementor-element-176ce4ef\" data-id=\"176ce4ef\" data-element_type=\"column\" data-e-type=\"column\">\n\t\t\t<div class=\"elementor-widget-wrap elementor-element-populated\">\n\t\t\t\t\t\t<div class=\"elementor-element elementor-element-6998e92 elementor-widget elementor-widget-text-editor\" data-id=\"6998e92\" data-element_type=\"widget\" data-e-type=\"widget\" data-widget_type=\"text-editor.default\">\n\t\t\t\t<div class=\"elementor-widget-container\">\n\t\t\t\t\t\t\t\t\t<p>En 2011 la compagnie Th\u00e9\u00e2tre Charbon nait du d\u00e9sir de Thierry Falvisaner de porter des projets plus personnels et d\u2019en assumer la direction artistique. Apr\u00e8s 13 ann\u00e9es partag\u00e9es avec Wissam Arbache au sein du Th\u00e9\u00e2tre de l\u2019\u0153uf \u00e0 dix pas, Thierry Falvisaner a souhait\u00e9 initier un nouveau projet artistique avec comme priorit\u00e9 la destination populaire de cette nouvelle aventure.<\/p><p>Les projets de la compagnie sont port\u00e9s par un ensemble de collaborateurs avec lesquels se construit un v\u00e9ritable compagnonnage tant au niveau artistique, technique qu\u2019administratif : Christian Sim\u00e9on (auteur), Elizabeth Mazev, Arnaud Aldig\u00e9 (acteurs), Christophe Vandevelde (acteur), Sylvain Bloquaux (cr\u00e9ateur lumi\u00e8re), Genevi\u00e8ve de Vroeg-Bussiere (production), Sylvie Moineau (gestion, administration), Sho\u00ef Lorillard (cr\u00e9ateur sonore)\u2026 partagent et font vivre le projet de la compagnie.<\/p><p>Les actions men\u00e9es : cr\u00e9ations de spectacles vivants , programmation d\u2019un festival intitul\u00e9 enracinement d\u00e9racinement, interventions aupr\u00e8s de publics tels que des apprenants en langue fran\u00e7aise, mineurs isol\u00e9s primo-arrivants, accompagnement vers l&#8217;emploi \u00e0 destination<\/p>\t\t\t\t\t\t\t\t<\/div>\n\t\t\t\t<\/div>\n\t\t\t\t\t<\/div>\n\t\t<\/div>\n\t\t\t\t<div class=\"elementor-column elementor-col-50 elementor-inner-column elementor-element elementor-element-799958d3\" data-id=\"799958d3\" data-element_type=\"column\" data-e-type=\"column\">\n\t\t\t<div class=\"elementor-widget-wrap elementor-element-populated\">\n\t\t\t\t\t\t<div class=\"elementor-element elementor-element-10522fad elementor-widget elementor-widget-text-editor\" data-id=\"10522fad\" data-element_type=\"widget\" data-e-type=\"widget\" data-widget_type=\"text-editor.default\">\n\t\t\t\t<div class=\"elementor-widget-container\">\n\t\t\t\t\t\t\t\t\t<p>des plus fragiles, interventions aupr\u00e8s des structures de l\u2019Education nationale comme les coll\u00e8ges Fournier et Montesquieu ou encore la MFR avec comme axe de travail la la\u00efcit\u00e9&#8230; sont les missions du Th\u00e9\u00e2tre Charbon sur le quartier d\u2019Orl\u00e9ans La Source.<\/p><p>Le projet de la compagnie est d\u2019affronter la r\u00e9alit\u00e9 d\u2019un monde violent, incertain et injuste, et de tenter par le prisme du th\u00e9\u00e2tre de r\u00e9pondre, \u00e0 sa mesure, \u00e0 cette r\u00e9alit\u00e9. Il est celui d\u2019\u00eatre ici et maintenant, en lien et en regard ; il se pense en engagements. Il s\u2019articule autour de 3 axes et s\u2019est donn\u00e9 3 missions :<\/p><ul><li>Une mission de cr\u00e9ation d\u2019\u0153uvres th\u00e9\u00e2trales, plus particuli\u00e8rement autour d\u2019\u0153uvres d\u2019auteurs contemporains vivants.<\/li><li>Une mission de formation, de transmission et d\u2019accompagnement de jeunes acteurs en voie de professionnalisation ou encore amateurs.<\/li><li>Une mission de d\u00e9veloppement du territoire orl\u00e9anais par la conduite de projets d\u2019actions culturelles sous la forme d\u2019ateliers (jeu et \u00e9criture), de stages, de cr\u00e9ations hors les murs, etc<\/li><\/ul><p>\u00a0<\/p>\t\t\t\t\t\t\t\t<\/div>\n\t\t\t\t<\/div>\n\t\t\t\t\t<\/div>\n\t\t<\/div>\n\t\t\t\t\t<\/div>\n\t\t<\/section>\n\t\t\t\t<div class=\"elementor-element elementor-element-fa3301c elementor-widget elementor-widget-heading\" data-id=\"fa3301c\" data-element_type=\"widget\" data-e-type=\"widget\" data-widget_type=\"heading.default\">\n\t\t\t\t<div class=\"elementor-widget-container\">\n\t\t\t\t\t<h2 class=\"elementor-heading-title elementor-size-default\">Le Coin Presse<\/h2>\t\t\t\t<\/div>\n\t\t\t\t<\/div>\n\t\t\t\t\t<\/div>\n\t\t<\/div>\n\t\t\t\t\t<\/div>\n\t\t<\/section>\n\t\t\t\t<section class=\"elementor-section elementor-top-section elementor-element elementor-element-30190c3d elementor-section-content-middle elementor-reverse-tablet elementor-reverse-mobile elementor-section-boxed elementor-section-height-default elementor-section-height-default\" data-id=\"30190c3d\" data-element_type=\"section\" data-e-type=\"section\" data-settings=\"{&quot;background_background&quot;:&quot;classic&quot;}\">\n\t\t\t\t\t\t\t<div class=\"elementor-background-overlay\"><\/div>\n\t\t\t\t\t\t\t<div class=\"elementor-container elementor-column-gap-default\">\n\t\t\t\t\t<div class=\"elementor-column elementor-col-50 elementor-top-column elementor-element elementor-element-5c48018b\" data-id=\"5c48018b\" data-element_type=\"column\" data-e-type=\"column\" data-settings=\"{&quot;background_background&quot;:&quot;classic&quot;}\">\n\t\t\t<div class=\"elementor-widget-wrap elementor-element-populated\">\n\t\t\t\t\t\t<div class=\"elementor-element elementor-element-34c55ae2 envato-kit-81-img-border elementor-widget elementor-widget-image\" data-id=\"34c55ae2\" data-element_type=\"widget\" data-e-type=\"widget\" data-widget_type=\"image.default\">\n\t\t\t\t<div class=\"elementor-widget-container\">\n\t\t\t\t\t\t\t\t\t\t\t\t\t\t\t<img fetchpriority=\"high\" decoding=\"async\" width=\"724\" height=\"1024\" src=\"https:\/\/www.theatrecharbon.fr\/sandbox\/wp-content\/uploads\/2021\/04\/CHARBON_projet_2021_organized-page-001-724x1024.jpg\" class=\"attachment-large size-large wp-image-2023\" alt=\"\" srcset=\"https:\/\/www.theatrecharbon.fr\/sandbox\/wp-content\/uploads\/2021\/04\/CHARBON_projet_2021_organized-page-001-724x1024.jpg 724w, https:\/\/www.theatrecharbon.fr\/sandbox\/wp-content\/uploads\/2021\/04\/CHARBON_projet_2021_organized-page-001-212x300.jpg 212w, https:\/\/www.theatrecharbon.fr\/sandbox\/wp-content\/uploads\/2021\/04\/CHARBON_projet_2021_organized-page-001-768x1086.jpg 768w, https:\/\/www.theatrecharbon.fr\/sandbox\/wp-content\/uploads\/2021\/04\/CHARBON_projet_2021_organized-page-001-1086x1536.jpg 1086w, https:\/\/www.theatrecharbon.fr\/sandbox\/wp-content\/uploads\/2021\/04\/CHARBON_projet_2021_organized-page-001.jpg 1240w\" sizes=\"(max-width: 724px) 100vw, 724px\" \/>\t\t\t\t\t\t\t\t\t\t\t\t\t\t\t<\/div>\n\t\t\t\t<\/div>\n\t\t\t\t\t<\/div>\n\t\t<\/div>\n\t\t\t\t<div class=\"elementor-column elementor-col-50 elementor-top-column elementor-element elementor-element-533f1c9c\" data-id=\"533f1c9c\" data-element_type=\"column\" data-e-type=\"column\">\n\t\t\t<div class=\"elementor-widget-wrap elementor-element-populated\">\n\t\t\t\t\t\t<div class=\"elementor-element elementor-element-5a3c2fde elementor-widget elementor-widget-heading\" data-id=\"5a3c2fde\" data-element_type=\"widget\" data-e-type=\"widget\" data-widget_type=\"heading.default\">\n\t\t\t\t<div class=\"elementor-widget-container\">\n\t\t\t\t\t<h2 class=\"elementor-heading-title elementor-size-default\">Projet 2020-2021<\/h2>\t\t\t\t<\/div>\n\t\t\t\t<\/div>\n\t\t\t\t<div class=\"elementor-element elementor-element-3c036ff5 elementor-widget elementor-widget-text-editor\" data-id=\"3c036ff5\" data-element_type=\"widget\" data-e-type=\"widget\" data-widget_type=\"text-editor.default\">\n\t\t\t\t<div class=\"elementor-widget-container\">\n\t\t\t\t\t\t\t\t\t<p>Cette saison aura \u00e9t\u00e9 marquante pour tout l&rsquo;univers du spectacle. Beaucoup de cr\u00e9ations ont \u00e9t\u00e9 report\u00e9es plusieurs fois, certaines sont en attente et d&rsquo;autres ont d\u00fb \u00eatre annul\u00e9es. Notre festival n&rsquo;a pas pu se tenir, mais nous avons tout de m\u00eame pu maintenir un certain nombre d&rsquo;activit\u00e9s. Nous remercions l&rsquo;\u00c9ducation Nationale, la Drac et la Mairie de nous avoir soutenus dans cette p\u00e9riode tr\u00e8s particuli\u00e8re. D\u00e9couvrez ci-dessous nos diff\u00e9rentes actions men\u00e9es et celles en cours pour cette saison.\u00a0<\/p>\t\t\t\t\t\t\t\t<\/div>\n\t\t\t\t<\/div>\n\t\t\t\t<div class=\"elementor-element elementor-element-7ee47ce elementor-align-center elementor-widget elementor-widget-button\" data-id=\"7ee47ce\" data-element_type=\"widget\" data-e-type=\"widget\" data-widget_type=\"button.default\">\n\t\t\t\t<div class=\"elementor-widget-container\">\n\t\t\t\t\t\t\t\t\t<div class=\"elementor-button-wrapper\">\n\t\t\t\t\t<a class=\"elementor-button elementor-button-link elementor-size-sm\" href=\"https:\/\/documentcloud.adobe.com\/link\/track?uri=urn:aaid:scds:US:28b0ccae-7d2b-481f-8ad3-5b36d5062b8b\" target=\"_blank\">\n\t\t\t\t\t\t<span class=\"elementor-button-content-wrapper\">\n\t\t\t\t\t\t\t\t\t<span class=\"elementor-button-text\">DOSSIER<\/span>\n\t\t\t\t\t<\/span>\n\t\t\t\t\t<\/a>\n\t\t\t\t<\/div>\n\t\t\t\t\t\t\t\t<\/div>\n\t\t\t\t<\/div>\n\t\t\t\t\t<\/div>\n\t\t<\/div>\n\t\t\t\t\t<\/div>\n\t\t<\/section>\n\t\t\t\t<section class=\"elementor-section elementor-top-section elementor-element elementor-element-eac542a elementor-section-content-bottom elementor-reverse-mobile elementor-section-boxed elementor-section-height-default elementor-section-height-default\" data-id=\"eac542a\" data-element_type=\"section\" data-e-type=\"section\" data-settings=\"{&quot;background_background&quot;:&quot;classic&quot;}\">\n\t\t\t\t\t\t<div class=\"elementor-container elementor-column-gap-default\">\n\t\t\t\t\t<div class=\"elementor-column elementor-col-100 elementor-top-column elementor-element elementor-element-4841107f\" data-id=\"4841107f\" data-element_type=\"column\" data-e-type=\"column\" data-settings=\"{&quot;background_background&quot;:&quot;classic&quot;}\">\n\t\t\t<div class=\"elementor-widget-wrap elementor-element-populated\">\n\t\t\t\t\t<div class=\"elementor-background-overlay\"><\/div>\n\t\t\t\t\t\t<div class=\"elementor-element elementor-element-4912d1aa elementor-widget elementor-widget-heading\" data-id=\"4912d1aa\" data-element_type=\"widget\" data-e-type=\"widget\" data-widget_type=\"heading.default\">\n\t\t\t\t<div class=\"elementor-widget-container\">\n\t\t\t\t\t<h3 class=\"elementor-heading-title elementor-size-default\">Projet 18-19<\/h3>\t\t\t\t<\/div>\n\t\t\t\t<\/div>\n\t\t\t\t<div class=\"elementor-element elementor-element-693ee987 elementor-align-left elementor-mobile-align-justify elementor-widget elementor-widget-button\" data-id=\"693ee987\" data-element_type=\"widget\" data-e-type=\"widget\" data-widget_type=\"button.default\">\n\t\t\t\t<div class=\"elementor-widget-container\">\n\t\t\t\t\t\t\t\t\t<div class=\"elementor-button-wrapper\">\n\t\t\t\t\t<a class=\"elementor-button elementor-button-link elementor-size-sm\" href=\"https:\/\/documentcloud.adobe.com\/link\/track?uri=urn:aaid:scds:US:913eeb82-067d-4cd7-9553-1f3c6e1bd931\" target=\"_blank\">\n\t\t\t\t\t\t<span class=\"elementor-button-content-wrapper\">\n\t\t\t\t\t\t\t\t\t<span class=\"elementor-button-text\">DOSSIER<\/span>\n\t\t\t\t\t<\/span>\n\t\t\t\t\t<\/a>\n\t\t\t\t<\/div>\n\t\t\t\t\t\t\t\t<\/div>\n\t\t\t\t<\/div>\n\t\t\t\t\t<\/div>\n\t\t<\/div>\n\t\t\t\t\t<\/div>\n\t\t<\/section>\n\t\t\t\t<section class=\"elementor-section elementor-top-section elementor-element elementor-element-c90b115 elementor-section-content-bottom elementor-section-boxed elementor-section-height-default elementor-section-height-default\" data-id=\"c90b115\" data-element_type=\"section\" data-e-type=\"section\" data-settings=\"{&quot;background_background&quot;:&quot;classic&quot;}\">\n\t\t\t\t\t\t\t<div class=\"elementor-background-overlay\"><\/div>\n\t\t\t\t\t\t\t<div class=\"elementor-container elementor-column-gap-default\">\n\t\t\t\t\t<div class=\"elementor-column elementor-col-100 elementor-top-column elementor-element elementor-element-3da30165\" data-id=\"3da30165\" data-element_type=\"column\" data-e-type=\"column\" data-settings=\"{&quot;background_background&quot;:&quot;classic&quot;}\">\n\t\t\t<div class=\"elementor-widget-wrap elementor-element-populated\">\n\t\t\t\t\t<div class=\"elementor-background-overlay\"><\/div>\n\t\t\t\t\t\t<div class=\"elementor-element elementor-element-1f94a78b elementor-widget elementor-widget-heading\" data-id=\"1f94a78b\" data-element_type=\"widget\" data-e-type=\"widget\" data-widget_type=\"heading.default\">\n\t\t\t\t<div class=\"elementor-widget-container\">\n\t\t\t\t\t<h3 class=\"elementor-heading-title elementor-size-default\">Projet 16-17<\/h3>\t\t\t\t<\/div>\n\t\t\t\t<\/div>\n\t\t\t\t<div class=\"elementor-element elementor-element-357a25aa elementor-align-left elementor-mobile-align-justify elementor-widget elementor-widget-button\" data-id=\"357a25aa\" data-element_type=\"widget\" data-e-type=\"widget\" data-widget_type=\"button.default\">\n\t\t\t\t<div class=\"elementor-widget-container\">\n\t\t\t\t\t\t\t\t\t<div class=\"elementor-button-wrapper\">\n\t\t\t\t\t<a class=\"elementor-button elementor-button-link elementor-size-sm\" href=\"https:\/\/documentcloud.adobe.com\/link\/track?uri=urn:aaid:scds:US:a4cd6bba-286a-4ced-b2cb-a55790776727\" target=\"_blank\">\n\t\t\t\t\t\t<span class=\"elementor-button-content-wrapper\">\n\t\t\t\t\t\t\t\t\t<span class=\"elementor-button-text\">DOSSIER<\/span>\n\t\t\t\t\t<\/span>\n\t\t\t\t\t<\/a>\n\t\t\t\t<\/div>\n\t\t\t\t\t\t\t\t<\/div>\n\t\t\t\t<\/div>\n\t\t\t\t\t<\/div>\n\t\t<\/div>\n\t\t\t\t\t<\/div>\n\t\t<\/section>\n\t\t\t\t<section class=\"elementor-section elementor-top-section elementor-element elementor-element-372ed618 elementor-section-full_width elementor-section-height-default elementor-section-height-default\" data-id=\"372ed618\" data-element_type=\"section\" data-e-type=\"section\" data-settings=\"{&quot;background_background&quot;:&quot;classic&quot;}\">\n\t\t\t\t\t\t<div class=\"elementor-container elementor-column-gap-default\">\n\t\t\t\t\t<div class=\"elementor-column elementor-col-100 elementor-top-column elementor-element elementor-element-7d051545\" data-id=\"7d051545\" data-element_type=\"column\" data-e-type=\"column\">\n\t\t\t<div class=\"elementor-widget-wrap elementor-element-populated\">\n\t\t\t\t\t\t<div class=\"elementor-element elementor-element-4ea4935e elementor-arrows-position-outside elementor-pagination-position-inside elementor-widget elementor-widget-image-carousel\" data-id=\"4ea4935e\" data-element_type=\"widget\" data-e-type=\"widget\" data-settings=\"{&quot;slides_to_show&quot;:&quot;6&quot;,&quot;slides_to_show_tablet&quot;:&quot;3&quot;,&quot;slides_to_scroll&quot;:&quot;1&quot;,&quot;navigation&quot;:&quot;both&quot;,&quot;autoplay&quot;:&quot;yes&quot;,&quot;pause_on_hover&quot;:&quot;yes&quot;,&quot;pause_on_interaction&quot;:&quot;yes&quot;,&quot;autoplay_speed&quot;:5000,&quot;infinite&quot;:&quot;yes&quot;,&quot;speed&quot;:500}\" data-widget_type=\"image-carousel.default\">\n\t\t\t\t<div class=\"elementor-widget-container\">\n\t\t\t\t\t\t\t<div class=\"elementor-image-carousel-wrapper swiper\" role=\"region\" aria-roledescription=\"carousel\" aria-label=\"Carrousel d\u2019images\" dir=\"ltr\">\n\t\t\t<div class=\"elementor-image-carousel swiper-wrapper\" aria-live=\"off\">\n\t\t\t\t\t\t\t\t<div class=\"swiper-slide\" role=\"group\" aria-roledescription=\"slide\" aria-label=\"1 sur 11\"><figure class=\"swiper-slide-inner\"><img decoding=\"async\" class=\"swiper-slide-image\" src=\"https:\/\/www.theatrecharbon.fr\/sandbox\/wp-content\/uploads\/elementor\/thumbs\/tremplin-p5b5r279pnza5hk9h15vtd5t5lj4sz3m177avzohq0.jpg\" alt=\"tremplin\" \/><\/figure><\/div><div class=\"swiper-slide\" role=\"group\" aria-roledescription=\"slide\" aria-label=\"2 sur 11\"><figure class=\"swiper-slide-inner\"><img decoding=\"async\" class=\"swiper-slide-image\" src=\"https:\/\/www.theatrecharbon.fr\/sandbox\/wp-content\/uploads\/elementor\/thumbs\/thierry-1-p54enf5jrpn73jt3wl5n2b7q7v92swp14lp6r1tol4.jpg\" alt=\"thierry\" \/><\/figure><\/div><div class=\"swiper-slide\" role=\"group\" aria-roledescription=\"slide\" aria-label=\"3 sur 11\"><figure class=\"swiper-slide-inner\"><img decoding=\"async\" class=\"swiper-slide-image\" src=\"https:\/\/www.theatrecharbon.fr\/sandbox\/wp-content\/uploads\/elementor\/thumbs\/CHARBON_PROGRAMME_FEST5-1-page-001-p50zeykiw0gpk80jpwihku4n3m02pu9565sxlft4fs.jpg\" alt=\"CHARBON_PROGRAMME_FEST#5-1-page-001\" \/><\/figure><\/div><div class=\"swiper-slide\" role=\"group\" aria-roledescription=\"slide\" aria-label=\"4 sur 11\"><figure class=\"swiper-slide-inner\"><img decoding=\"async\" class=\"swiper-slide-image\" src=\"https:\/\/www.theatrecharbon.fr\/sandbox\/wp-content\/uploads\/elementor\/thumbs\/2019_affiche_festival-1-p50ymiya5fjgcvber41rnifo705cvgdg9fd5z3yuns.png\" alt=\"2019_affiche_festival\" \/><\/figure><\/div><div class=\"swiper-slide\" role=\"group\" aria-roledescription=\"slide\" aria-label=\"5 sur 11\"><figure class=\"swiper-slide-inner\"><img decoding=\"async\" class=\"swiper-slide-image\" src=\"https:\/\/www.theatrecharbon.fr\/sandbox\/wp-content\/uploads\/elementor\/thumbs\/uno-p4xafnq53h0ckju572dcxe8tww00ltzzz7xawrzkqg.png\" alt=\"uno\" \/><\/figure><\/div><div class=\"swiper-slide\" role=\"group\" aria-roledescription=\"slide\" aria-label=\"6 sur 11\"><figure class=\"swiper-slide-inner\"><img decoding=\"async\" class=\"swiper-slide-image\" src=\"https:\/\/www.theatrecharbon.fr\/sandbox\/wp-content\/uploads\/elementor\/thumbs\/ABEBE-BIKILA-Sebastien-AMIET-33-1-scaled-p4p6fhwoneni79c6u4jil3pkvl3uqbg3cumszmh3nc.jpg\" alt=\"ABEBE BIKILA - Sebastien AMIET (33)\" \/><\/figure><\/div><div class=\"swiper-slide\" role=\"group\" aria-roledescription=\"slide\" aria-label=\"7 sur 11\"><figure class=\"swiper-slide-inner\"><img decoding=\"async\" class=\"swiper-slide-image\" src=\"https:\/\/www.theatrecharbon.fr\/sandbox\/wp-content\/uploads\/elementor\/thumbs\/VAINCRE-A-ROME-FILAGE-2-TGP-septembre-2019_-scaled-p4p6g9605lotjy8leybp3ety3rdhxjgb4ljvwncomw.jpg\" alt=\"VAINCRE A ROME FILAGE 2 TGP septembre 2019_\" \/><\/figure><\/div><div class=\"swiper-slide\" role=\"group\" aria-roledescription=\"slide\" aria-label=\"8 sur 11\"><figure class=\"swiper-slide-inner\"><img decoding=\"async\" class=\"swiper-slide-image\" src=\"https:\/\/www.theatrecharbon.fr\/sandbox\/wp-content\/uploads\/elementor\/thumbs\/VAINCRE-A-ROME-FILAGE-TGP-septembre-2019-_11-2-scaled-p4p6h46of4va72zjdtqdvp05ph4lzjvg8v2wqs2oxk.jpg\" alt=\"VAINCRE A ROME FILAGE TGP septembre 2019 _11-2\" \/><\/figure><\/div><div class=\"swiper-slide\" role=\"group\" aria-roledescription=\"slide\" aria-label=\"9 sur 11\"><figure class=\"swiper-slide-inner\"><img decoding=\"async\" class=\"swiper-slide-image\" src=\"https:\/\/www.theatrecharbon.fr\/sandbox\/wp-content\/uploads\/elementor\/thumbs\/2018_10_05_011-2-2-p4ozrnf8rabjp9q9dg8lcmlc23a4mp9sdpwiju3jco.jpg\" alt=\"2018_10_05_011-2 (2)\" \/><\/figure><\/div><div class=\"swiper-slide\" role=\"group\" aria-roledescription=\"slide\" aria-label=\"10 sur 11\"><figure class=\"swiper-slide-inner\"><img decoding=\"async\" class=\"swiper-slide-image\" src=\"https:\/\/www.theatrecharbon.fr\/sandbox\/wp-content\/uploads\/elementor\/thumbs\/4-p4l8p1qbgjs8m6xik2bey6s5o4fhvm2ri2kjt5xe48.png\" alt=\"4\" \/><\/figure><\/div><div class=\"swiper-slide\" role=\"group\" aria-roledescription=\"slide\" aria-label=\"11 sur 11\"><figure class=\"swiper-slide-inner\"><img decoding=\"async\" class=\"swiper-slide-image\" src=\"https:\/\/www.theatrecharbon.fr\/sandbox\/wp-content\/uploads\/elementor\/thumbs\/6-p4l8mbz3ps2f2qview27qvg7w1tbn3aogmq1wdyc3c.png\" alt=\"6\" \/><\/figure><\/div>\t\t\t<\/div>\n\t\t\t\t\t\t\t\t\t\t\t\t<div class=\"elementor-swiper-button elementor-swiper-button-prev\" role=\"button\" tabindex=\"0\">\n\t\t\t\t\t\t<i aria-hidden=\"true\" class=\"eicon-chevron-left\"><\/i>\t\t\t\t\t<\/div>\n\t\t\t\t\t<div class=\"elementor-swiper-button elementor-swiper-button-next\" role=\"button\" tabindex=\"0\">\n\t\t\t\t\t\t<i aria-hidden=\"true\" class=\"eicon-chevron-right\"><\/i>\t\t\t\t\t<\/div>\n\t\t\t\t\n\t\t\t\t\t\t\t\t\t<div class=\"swiper-pagination\"><\/div>\n\t\t\t\t\t\t\t\t\t<\/div>\n\t\t\t\t\t\t<\/div>\n\t\t\t\t<\/div>\n\t\t\t\t\t<\/div>\n\t\t<\/div>\n\t\t\t\t\t<\/div>\n\t\t<\/section>\n\t\t\t\t<\/div>\n\t\t","protected":false},"excerpt":{"rendered":"<p>La Compagnie Fond\u00e9e en 2011 En 2011 la compagnie Th\u00e9\u00e2tre Charbon nait du d\u00e9sir de Thierry Falvisaner de porter des projets plus personnels et d\u2019en assumer la direction artistique. Apr\u00e8s 13 ann\u00e9es partag\u00e9es avec Wissam Arbache au sein du Th\u00e9\u00e2tre de l\u2019\u0153uf \u00e0 dix pas, Thierry Falvisaner a souhait\u00e9 initier un nouveau projet artistique avec&#8230;<\/p>\n","protected":false},"author":1,"featured_media":0,"parent":0,"menu_order":0,"comment_status":"closed","ping_status":"closed","template":"","meta":{"_kad_post_transparent":"","_kad_post_title":"hide","_kad_post_layout":"fullwidth","_kad_post_sidebar_id":"","_kad_post_content_style":"unboxed","_kad_post_vertical_padding":"hide","_kad_post_feature":"hide","_kad_post_feature_position":"","_kad_post_header":false,"_kad_post_footer":false,"cybocfi_hide_featured_image":"","footnotes":""},"class_list":["post-45","page","type-page","status-publish","hentry"],"yoast_head":"<!-- This site is optimized with the Yoast SEO plugin v22.4 - https:\/\/yoast.com\/wordpress\/plugins\/seo\/ -->\n<title>La compagnie - Th\u00e9\u00e2tre Charbon<\/title>\n<meta name=\"robots\" content=\"index, follow, max-snippet:-1, max-image-preview:large, max-video-preview:-1\" \/>\n<link rel=\"canonical\" href=\"https:\/\/www.theatrecharbon.fr\/sandbox\/la-compagnie\/\" \/>\n<meta property=\"og:locale\" content=\"fr_FR\" \/>\n<meta property=\"og:type\" content=\"article\" \/>\n<meta property=\"og:title\" content=\"La compagnie - Th\u00e9\u00e2tre Charbon\" \/>\n<meta property=\"og:description\" content=\"La Compagnie Fond\u00e9e en 2011 En 2011 la compagnie Th\u00e9\u00e2tre Charbon nait du d\u00e9sir de Thierry Falvisaner de porter des projets plus personnels et d\u2019en assumer la direction artistique. Apr\u00e8s 13 ann\u00e9es partag\u00e9es avec Wissam Arbache au sein du Th\u00e9\u00e2tre de l\u2019\u0153uf \u00e0 dix pas, Thierry Falvisaner a souhait\u00e9 initier un nouveau projet artistique avec...\" \/>\n<meta property=\"og:url\" content=\"https:\/\/www.theatrecharbon.fr\/sandbox\/la-compagnie\/\" \/>\n<meta property=\"og:site_name\" content=\"Th\u00e9\u00e2tre Charbon\" \/>\n<meta property=\"article:publisher\" content=\"https:\/\/www.facebook.com\/theatrecharbon45\" \/>\n<meta property=\"article:modified_time\" content=\"2021-06-28T14:08:46+00:00\" \/>\n<meta property=\"og:image\" content=\"https:\/\/www.theatrecharbon.fr\/sandbox\/wp-content\/uploads\/2021\/04\/CHARBON_projet_2021_organized-page-001-724x1024.jpg\" \/>\n<meta name=\"twitter:card\" content=\"summary_large_image\" \/>\n<meta name=\"twitter:label1\" content=\"Dur\u00e9e de lecture estim\u00e9e\" \/>\n\t<meta name=\"twitter:data1\" content=\"2 minutes\" \/>\n<script type=\"application\/ld+json\" class=\"yoast-schema-graph\">{\"@context\":\"https:\/\/schema.org\",\"@graph\":[{\"@type\":\"WebPage\",\"@id\":\"https:\/\/www.theatrecharbon.fr\/sandbox\/la-compagnie\/\",\"url\":\"https:\/\/www.theatrecharbon.fr\/sandbox\/la-compagnie\/\",\"name\":\"La compagnie - Th\u00e9\u00e2tre Charbon\",\"isPartOf\":{\"@id\":\"https:\/\/www.theatrecharbon.fr\/sandbox\/#website\"},\"primaryImageOfPage\":{\"@id\":\"https:\/\/www.theatrecharbon.fr\/sandbox\/la-compagnie\/#primaryimage\"},\"image\":{\"@id\":\"https:\/\/www.theatrecharbon.fr\/sandbox\/la-compagnie\/#primaryimage\"},\"thumbnailUrl\":\"https:\/\/www.theatrecharbon.fr\/sandbox\/wp-content\/uploads\/2021\/04\/CHARBON_projet_2021_organized-page-001-724x1024.jpg\",\"datePublished\":\"2021-03-15T14:50:59+00:00\",\"dateModified\":\"2021-06-28T14:08:46+00:00\",\"breadcrumb\":{\"@id\":\"https:\/\/www.theatrecharbon.fr\/sandbox\/la-compagnie\/#breadcrumb\"},\"inLanguage\":\"fr-FR\",\"potentialAction\":[{\"@type\":\"ReadAction\",\"target\":[\"https:\/\/www.theatrecharbon.fr\/sandbox\/la-compagnie\/\"]}]},{\"@type\":\"ImageObject\",\"inLanguage\":\"fr-FR\",\"@id\":\"https:\/\/www.theatrecharbon.fr\/sandbox\/la-compagnie\/#primaryimage\",\"url\":\"https:\/\/www.theatrecharbon.fr\/sandbox\/wp-content\/uploads\/2021\/04\/CHARBON_projet_2021_organized-page-001.jpg\",\"contentUrl\":\"https:\/\/www.theatrecharbon.fr\/sandbox\/wp-content\/uploads\/2021\/04\/CHARBON_projet_2021_organized-page-001.jpg\",\"width\":1240,\"height\":1754},{\"@type\":\"BreadcrumbList\",\"@id\":\"https:\/\/www.theatrecharbon.fr\/sandbox\/la-compagnie\/#breadcrumb\",\"itemListElement\":[{\"@type\":\"ListItem\",\"position\":1,\"name\":\"Accueil\",\"item\":\"https:\/\/www.theatrecharbon.fr\/sandbox\/\"},{\"@type\":\"ListItem\",\"position\":2,\"name\":\"La compagnie\"}]},{\"@type\":\"WebSite\",\"@id\":\"https:\/\/www.theatrecharbon.fr\/sandbox\/#website\",\"url\":\"https:\/\/www.theatrecharbon.fr\/sandbox\/\",\"name\":\"Th\u00e9\u00e2tre Charbon\",\"description\":\"Une compagnie engag\u00e9e pour son territoire\",\"publisher\":{\"@id\":\"https:\/\/www.theatrecharbon.fr\/sandbox\/#organization\"},\"potentialAction\":[{\"@type\":\"SearchAction\",\"target\":{\"@type\":\"EntryPoint\",\"urlTemplate\":\"https:\/\/www.theatrecharbon.fr\/sandbox\/?s={search_term_string}\"},\"query-input\":\"required name=search_term_string\"}],\"inLanguage\":\"fr-FR\"},{\"@type\":\"Organization\",\"@id\":\"https:\/\/www.theatrecharbon.fr\/sandbox\/#organization\",\"name\":\"Th\u00e9\u00e2tre Charbon\",\"url\":\"https:\/\/www.theatrecharbon.fr\/sandbox\/\",\"logo\":{\"@type\":\"ImageObject\",\"inLanguage\":\"fr-FR\",\"@id\":\"https:\/\/www.theatrecharbon.fr\/sandbox\/#\/schema\/logo\/image\/\",\"url\":\"https:\/\/www.theatrecharbon.fr\/sandbox\/wp-content\/uploads\/2021\/03\/cropped-LOGOTYPE_THEATRE_CHARBON-e1620048345361.png\",\"contentUrl\":\"https:\/\/www.theatrecharbon.fr\/sandbox\/wp-content\/uploads\/2021\/03\/cropped-LOGOTYPE_THEATRE_CHARBON-e1620048345361.png\",\"width\":150,\"height\":104,\"caption\":\"Th\u00e9\u00e2tre Charbon\"},\"image\":{\"@id\":\"https:\/\/www.theatrecharbon.fr\/sandbox\/#\/schema\/logo\/image\/\"},\"sameAs\":[\"https:\/\/www.facebook.com\/theatrecharbon45\",\"https:\/\/www.youtube.com\/channel\/UCUYPyyMIHpxmMW8g_322pEg\"]}]}<\/script>\n<!-- \/ Yoast SEO plugin. -->","yoast_head_json":{"title":"La compagnie - Th\u00e9\u00e2tre Charbon","robots":{"index":"index","follow":"follow","max-snippet":"max-snippet:-1","max-image-preview":"max-image-preview:large","max-video-preview":"max-video-preview:-1"},"canonical":"https:\/\/www.theatrecharbon.fr\/sandbox\/la-compagnie\/","og_locale":"fr_FR","og_type":"article","og_title":"La compagnie - Th\u00e9\u00e2tre Charbon","og_description":"La Compagnie Fond\u00e9e en 2011 En 2011 la compagnie Th\u00e9\u00e2tre Charbon nait du d\u00e9sir de Thierry Falvisaner de porter des projets plus personnels et d\u2019en assumer la direction artistique. Apr\u00e8s 13 ann\u00e9es partag\u00e9es avec Wissam Arbache au sein du Th\u00e9\u00e2tre de l\u2019\u0153uf \u00e0 dix pas, Thierry Falvisaner a souhait\u00e9 initier un nouveau projet artistique avec...","og_url":"https:\/\/www.theatrecharbon.fr\/sandbox\/la-compagnie\/","og_site_name":"Th\u00e9\u00e2tre Charbon","article_publisher":"https:\/\/www.facebook.com\/theatrecharbon45","article_modified_time":"2021-06-28T14:08:46+00:00","og_image":[{"url":"https:\/\/www.theatrecharbon.fr\/sandbox\/wp-content\/uploads\/2021\/04\/CHARBON_projet_2021_organized-page-001-724x1024.jpg"}],"twitter_card":"summary_large_image","twitter_misc":{"Dur\u00e9e de lecture estim\u00e9e":"2 minutes"},"schema":{"@context":"https:\/\/schema.org","@graph":[{"@type":"WebPage","@id":"https:\/\/www.theatrecharbon.fr\/sandbox\/la-compagnie\/","url":"https:\/\/www.theatrecharbon.fr\/sandbox\/la-compagnie\/","name":"La compagnie - Th\u00e9\u00e2tre Charbon","isPartOf":{"@id":"https:\/\/www.theatrecharbon.fr\/sandbox\/#website"},"primaryImageOfPage":{"@id":"https:\/\/www.theatrecharbon.fr\/sandbox\/la-compagnie\/#primaryimage"},"image":{"@id":"https:\/\/www.theatrecharbon.fr\/sandbox\/la-compagnie\/#primaryimage"},"thumbnailUrl":"https:\/\/www.theatrecharbon.fr\/sandbox\/wp-content\/uploads\/2021\/04\/CHARBON_projet_2021_organized-page-001-724x1024.jpg","datePublished":"2021-03-15T14:50:59+00:00","dateModified":"2021-06-28T14:08:46+00:00","breadcrumb":{"@id":"https:\/\/www.theatrecharbon.fr\/sandbox\/la-compagnie\/#breadcrumb"},"inLanguage":"fr-FR","potentialAction":[{"@type":"ReadAction","target":["https:\/\/www.theatrecharbon.fr\/sandbox\/la-compagnie\/"]}]},{"@type":"ImageObject","inLanguage":"fr-FR","@id":"https:\/\/www.theatrecharbon.fr\/sandbox\/la-compagnie\/#primaryimage","url":"https:\/\/www.theatrecharbon.fr\/sandbox\/wp-content\/uploads\/2021\/04\/CHARBON_projet_2021_organized-page-001.jpg","contentUrl":"https:\/\/www.theatrecharbon.fr\/sandbox\/wp-content\/uploads\/2021\/04\/CHARBON_projet_2021_organized-page-001.jpg","width":1240,"height":1754},{"@type":"BreadcrumbList","@id":"https:\/\/www.theatrecharbon.fr\/sandbox\/la-compagnie\/#breadcrumb","itemListElement":[{"@type":"ListItem","position":1,"name":"Accueil","item":"https:\/\/www.theatrecharbon.fr\/sandbox\/"},{"@type":"ListItem","position":2,"name":"La compagnie"}]},{"@type":"WebSite","@id":"https:\/\/www.theatrecharbon.fr\/sandbox\/#website","url":"https:\/\/www.theatrecharbon.fr\/sandbox\/","name":"Th\u00e9\u00e2tre Charbon","description":"Une compagnie engag\u00e9e pour son territoire","publisher":{"@id":"https:\/\/www.theatrecharbon.fr\/sandbox\/#organization"},"potentialAction":[{"@type":"SearchAction","target":{"@type":"EntryPoint","urlTemplate":"https:\/\/www.theatrecharbon.fr\/sandbox\/?s={search_term_string}"},"query-input":"required name=search_term_string"}],"inLanguage":"fr-FR"},{"@type":"Organization","@id":"https:\/\/www.theatrecharbon.fr\/sandbox\/#organization","name":"Th\u00e9\u00e2tre Charbon","url":"https:\/\/www.theatrecharbon.fr\/sandbox\/","logo":{"@type":"ImageObject","inLanguage":"fr-FR","@id":"https:\/\/www.theatrecharbon.fr\/sandbox\/#\/schema\/logo\/image\/","url":"https:\/\/www.theatrecharbon.fr\/sandbox\/wp-content\/uploads\/2021\/03\/cropped-LOGOTYPE_THEATRE_CHARBON-e1620048345361.png","contentUrl":"https:\/\/www.theatrecharbon.fr\/sandbox\/wp-content\/uploads\/2021\/03\/cropped-LOGOTYPE_THEATRE_CHARBON-e1620048345361.png","width":150,"height":104,"caption":"Th\u00e9\u00e2tre Charbon"},"image":{"@id":"https:\/\/www.theatrecharbon.fr\/sandbox\/#\/schema\/logo\/image\/"},"sameAs":["https:\/\/www.facebook.com\/theatrecharbon45","https:\/\/www.youtube.com\/channel\/UCUYPyyMIHpxmMW8g_322pEg"]}]}},"_links":{"self":[{"href":"https:\/\/www.theatrecharbon.fr\/sandbox\/wp-json\/wp\/v2\/pages\/45","targetHints":{"allow":["GET"]}}],"collection":[{"href":"https:\/\/www.theatrecharbon.fr\/sandbox\/wp-json\/wp\/v2\/pages"}],"about":[{"href":"https:\/\/www.theatrecharbon.fr\/sandbox\/wp-json\/wp\/v2\/types\/page"}],"author":[{"embeddable":true,"href":"https:\/\/www.theatrecharbon.fr\/sandbox\/wp-json\/wp\/v2\/users\/1"}],"replies":[{"embeddable":true,"href":"https:\/\/www.theatrecharbon.fr\/sandbox\/wp-json\/wp\/v2\/comments?post=45"}],"version-history":[{"count":169,"href":"https:\/\/www.theatrecharbon.fr\/sandbox\/wp-json\/wp\/v2\/pages\/45\/revisions"}],"predecessor-version":[{"id":3319,"href":"https:\/\/www.theatrecharbon.fr\/sandbox\/wp-json\/wp\/v2\/pages\/45\/revisions\/3319"}],"wp:attachment":[{"href":"https:\/\/www.theatrecharbon.fr\/sandbox\/wp-json\/wp\/v2\/media?parent=45"}],"curies":[{"name":"wp","href":"https:\/\/api.w.org\/{rel}","templated":true}]}}