{"id":3619,"date":"2021-07-13T14:38:38","date_gmt":"2021-07-13T12:38:38","guid":{"rendered":"https:\/\/www.theatrecharbon.fr\/sandbox\/?page_id=3619"},"modified":"2021-07-13T14:55:32","modified_gmt":"2021-07-13T12:55:32","slug":"interventions-en-periode-scolaire","status":"publish","type":"page","link":"https:\/\/www.theatrecharbon.fr\/sandbox\/interventions-en-periode-scolaire\/","title":{"rendered":"Interventions en p\u00e9riode scolaire"},"content":{"rendered":"\t\t<div data-elementor-type=\"wp-page\" data-elementor-id=\"3619\" class=\"elementor elementor-3619\">\n\t\t\t\t\t\t<section class=\"elementor-section elementor-top-section elementor-element elementor-element-45d6e743 elementor-section-height-min-height elementor-section-boxed elementor-section-height-default elementor-section-items-middle\" data-id=\"45d6e743\" data-element_type=\"section\" data-e-type=\"section\" data-settings=\"{&quot;background_background&quot;:&quot;classic&quot;}\">\n\t\t\t\t\t\t\t<div class=\"elementor-background-overlay\"><\/div>\n\t\t\t\t\t\t\t<div class=\"elementor-container elementor-column-gap-no\">\n\t\t\t\t\t<div class=\"elementor-column elementor-col-100 elementor-top-column elementor-element elementor-element-57c6573b\" data-id=\"57c6573b\" data-element_type=\"column\" data-e-type=\"column\">\n\t\t\t<div class=\"elementor-widget-wrap elementor-element-populated\">\n\t\t\t\t\t\t<div class=\"elementor-element elementor-element-35bb6194 elementor-widget elementor-widget-spacer\" data-id=\"35bb6194\" data-element_type=\"widget\" data-e-type=\"widget\" data-widget_type=\"spacer.default\">\n\t\t\t\t<div class=\"elementor-widget-container\">\n\t\t\t\t\t\t\t<div class=\"elementor-spacer\">\n\t\t\t<div class=\"elementor-spacer-inner\"><\/div>\n\t\t<\/div>\n\t\t\t\t\t\t<\/div>\n\t\t\t\t<\/div>\n\t\t\t\t<div class=\"elementor-element elementor-element-4fc13a2 elementor-widget elementor-widget-spacer\" data-id=\"4fc13a2\" data-element_type=\"widget\" data-e-type=\"widget\" data-widget_type=\"spacer.default\">\n\t\t\t\t<div class=\"elementor-widget-container\">\n\t\t\t\t\t\t\t<div class=\"elementor-spacer\">\n\t\t\t<div class=\"elementor-spacer-inner\"><\/div>\n\t\t<\/div>\n\t\t\t\t\t\t<\/div>\n\t\t\t\t<\/div>\n\t\t\t\t<div class=\"elementor-element elementor-element-4071a22b elementor-widget elementor-widget-heading\" data-id=\"4071a22b\" data-element_type=\"widget\" data-e-type=\"widget\" data-widget_type=\"heading.default\">\n\t\t\t\t<div class=\"elementor-widget-container\">\n\t\t\t\t\t<h1 class=\"elementor-heading-title elementor-size-default\">Interventions en p\u00e9riode scolaire<\/h1>\t\t\t\t<\/div>\n\t\t\t\t<\/div>\n\t\t\t\t\t<\/div>\n\t\t<\/div>\n\t\t\t\t\t<\/div>\n\t\t<\/section>\n\t\t\t\t<section class=\"elementor-section elementor-top-section elementor-element elementor-element-48251d6c elementor-section-content-middle elementor-section-stretched elementor-section-boxed elementor-section-height-default elementor-section-height-default\" data-id=\"48251d6c\" data-element_type=\"section\" data-e-type=\"section\" data-settings=\"{&quot;background_background&quot;:&quot;classic&quot;,&quot;stretch_section&quot;:&quot;section-stretched&quot;}\">\n\t\t\t\t\t\t<div class=\"elementor-container elementor-column-gap-default\">\n\t\t\t\t\t<div class=\"elementor-column elementor-col-100 elementor-top-column elementor-element elementor-element-5e533e9a\" data-id=\"5e533e9a\" data-element_type=\"column\" data-e-type=\"column\">\n\t\t\t<div class=\"elementor-widget-wrap elementor-element-populated\">\n\t\t\t\t\t\t<div class=\"elementor-element elementor-element-f42f3e2 elementor-widget elementor-widget-spacer\" data-id=\"f42f3e2\" data-element_type=\"widget\" data-e-type=\"widget\" data-widget_type=\"spacer.default\">\n\t\t\t\t<div class=\"elementor-widget-container\">\n\t\t\t\t\t\t\t<div class=\"elementor-spacer\">\n\t\t\t<div class=\"elementor-spacer-inner\"><\/div>\n\t\t<\/div>\n\t\t\t\t\t\t<\/div>\n\t\t\t\t<\/div>\n\t\t\t\t<div class=\"elementor-element elementor-element-e3ed8ee elementor-widget elementor-widget-heading\" data-id=\"e3ed8ee\" data-element_type=\"widget\" data-e-type=\"widget\" data-widget_type=\"heading.default\">\n\t\t\t\t<div class=\"elementor-widget-container\">\n\t\t\t\t\t<h2 class=\"elementor-heading-title elementor-size-default\">Aupr\u00e8s des lyc\u00c9ens<\/h2>\t\t\t\t<\/div>\n\t\t\t\t<\/div>\n\t\t\t\t<section class=\"elementor-section elementor-inner-section elementor-element elementor-element-43e2a1cb elementor-section-boxed elementor-section-height-default elementor-section-height-default\" data-id=\"43e2a1cb\" data-element_type=\"section\" data-e-type=\"section\">\n\t\t\t\t\t\t<div class=\"elementor-container elementor-column-gap-default\">\n\t\t\t\t\t<div class=\"elementor-column elementor-col-100 elementor-inner-column elementor-element elementor-element-230323e4\" data-id=\"230323e4\" data-element_type=\"column\" data-e-type=\"column\">\n\t\t\t<div class=\"elementor-widget-wrap elementor-element-populated\">\n\t\t\t\t\t\t<div class=\"elementor-element elementor-element-5e8ff0f1 elementor-widget elementor-widget-text-editor\" data-id=\"5e8ff0f1\" data-element_type=\"widget\" data-e-type=\"widget\" data-widget_type=\"text-editor.default\">\n\t\t\t\t<div class=\"elementor-widget-container\">\n\t\t\t\t\t\t\t\t\t<p><span class=\"envato-kit-66-orangetext\">01\u00a0<\/span> Option th\u00e9atre au lyc\u00e9e\u00a0<br \/><br \/><\/p>\t\t\t\t\t\t\t\t<\/div>\n\t\t\t\t<\/div>\n\t\t\t\t<div class=\"elementor-element elementor-element-6b45689a elementor-widget elementor-widget-text-editor\" data-id=\"6b45689a\" data-element_type=\"widget\" data-e-type=\"widget\" data-widget_type=\"text-editor.default\">\n\t\t\t\t<div class=\"elementor-widget-container\">\n\t\t\t\t\t\t\t\t\t<p>Options Th\u00e9\u00e2tre au lyc\u00e9e\u00a0<br \/>Lyc\u00e9e Jacques Monod \u00e0 Saint-Jean-de-Braye (45) sur 3 niveaux :<\/p><p>&#8211; Seconde\u00a0<br \/>&#8211; Premi\u00e8re\u00a0<br \/>&#8211; Terminale<br \/>Intervenant : Thierry Falvisaner depuis 2011<\/p>\t\t\t\t\t\t\t\t<\/div>\n\t\t\t\t<\/div>\n\t\t\t\t\t<\/div>\n\t\t<\/div>\n\t\t\t\t<div class=\"elementor-column elementor-col-100 elementor-inner-column elementor-element elementor-element-6f3a2163\" data-id=\"6f3a2163\" data-element_type=\"column\" data-e-type=\"column\">\n\t\t\t<div class=\"elementor-widget-wrap elementor-element-populated\">\n\t\t\t\t\t\t<div class=\"elementor-element elementor-element-d471fcb elementor-widget elementor-widget-text-editor\" data-id=\"d471fcb\" data-element_type=\"widget\" data-e-type=\"widget\" data-widget_type=\"text-editor.default\">\n\t\t\t\t<div class=\"elementor-widget-container\">\n\t\t\t\t\t\t\t\t\t<p><span class=\"envato-kit-66-orangetext\">02\u00a0\u00a0<\/span>Des projets aux arts lyc\u00e9ens<\/p>\t\t\t\t\t\t\t\t<\/div>\n\t\t\t\t<\/div>\n\t\t\t\t<div class=\"elementor-element elementor-element-46166b9f elementor-widget elementor-widget-text-editor\" data-id=\"46166b9f\" data-element_type=\"widget\" data-e-type=\"widget\" data-widget_type=\"text-editor.default\">\n\t\t\t\t<div class=\"elementor-widget-container\">\n\t\t\t\t\t\t\t\t\t<p>Th\u00e9\u00e2tre Charbon encadre 2 \u00e0 3 projets aux arts lyc\u00e9ens par an.<br \/>[2020-2021]<\/p><ul><li>Un projet avec la MFR de l\u2019Orl\u00e9anais avec un atelier d\u2019\u00e9criture autour des figures f\u00e9minines puis un travail th\u00e9\u00e2tral.<\/li><li>Un projet avec les classes Allophones (Mineurs isol\u00e9s) du lyc\u00e9e Gauguin Intervenants Malik Nejmi &amp; Thierry Falvisaner<\/li><\/ul>\t\t\t\t\t\t\t\t<\/div>\n\t\t\t\t<\/div>\n\t\t\t\t\t<\/div>\n\t\t<\/div>\n\t\t\t\t\t<\/div>\n\t\t<\/section>\n\t\t\t\t<section class=\"elementor-section elementor-inner-section elementor-element elementor-element-34d988cf elementor-section-boxed elementor-section-height-default elementor-section-height-default\" data-id=\"34d988cf\" data-element_type=\"section\" data-e-type=\"section\">\n\t\t\t\t\t\t<div class=\"elementor-container elementor-column-gap-default\">\n\t\t\t\t\t<div class=\"elementor-column elementor-col-100 elementor-inner-column elementor-element elementor-element-1375761e\" data-id=\"1375761e\" data-element_type=\"column\" data-e-type=\"column\">\n\t\t\t<div class=\"elementor-widget-wrap elementor-element-populated\">\n\t\t\t\t\t\t<div class=\"elementor-element elementor-element-2d2b1906 elementor-widget elementor-widget-text-editor\" data-id=\"2d2b1906\" data-element_type=\"widget\" data-e-type=\"widget\" data-widget_type=\"text-editor.default\">\n\t\t\t\t<div class=\"elementor-widget-container\">\n\t\t\t\t\t\t\t\t\t<p><span class=\"envato-kit-66-orangetext\">03\u00a0\u00a0<\/span>PROJETS SP\u00c9CIFIQUES AVEC L&rsquo;\u00c9ducation nationale in situ<\/p>\t\t\t\t\t\t\t\t<\/div>\n\t\t\t\t<\/div>\n\t\t\t\t<div class=\"elementor-element elementor-element-75779790 elementor-widget elementor-widget-text-editor\" data-id=\"75779790\" data-element_type=\"widget\" data-e-type=\"widget\" data-widget_type=\"text-editor.default\">\n\t\t\t\t<div class=\"elementor-widget-container\">\n\t\t\t\t\t\t\t\t\t<p>Des travaux sont men\u00e9s in situ dans les \u00e9coles du quartier de la Source en lien avec l\u2019\u00e9quipe p\u00e9dagogique pour traiter de ph\u00e9nom\u00e8ne sociaux. Les outils du Th\u00e9\u00e2tre sont utilis\u00e9s pour aborder avec les enfants et adolescents les probl\u00e8mes cern\u00e9s en classe.<\/p>\t\t\t\t\t\t\t\t<\/div>\n\t\t\t\t<\/div>\n\t\t\t\t\t<\/div>\n\t\t<\/div>\n\t\t\t\t<div class=\"elementor-column elementor-col-100 elementor-inner-column elementor-element elementor-element-2970041\" data-id=\"2970041\" data-element_type=\"column\" data-e-type=\"column\">\n\t\t\t<div class=\"elementor-widget-wrap\">\n\t\t\t\t\t\t\t<\/div>\n\t\t<\/div>\n\t\t\t\t\t<\/div>\n\t\t<\/section>\n\t\t\t\t<div class=\"elementor-element elementor-element-077785a elementor-widget elementor-widget-spacer\" data-id=\"077785a\" data-element_type=\"widget\" data-e-type=\"widget\" data-widget_type=\"spacer.default\">\n\t\t\t\t<div class=\"elementor-widget-container\">\n\t\t\t\t\t\t\t<div class=\"elementor-spacer\">\n\t\t\t<div class=\"elementor-spacer-inner\"><\/div>\n\t\t<\/div>\n\t\t\t\t\t\t<\/div>\n\t\t\t\t<\/div>\n\t\t\t\t<div class=\"elementor-element elementor-element-f571d00 elementor-widget elementor-widget-heading\" data-id=\"f571d00\" data-element_type=\"widget\" data-e-type=\"widget\" data-widget_type=\"heading.default\">\n\t\t\t\t<div class=\"elementor-widget-container\">\n\t\t\t\t\t<h2 class=\"elementor-heading-title elementor-size-default\">Aupr\u00e8s des coll\u00c9giens<\/h2>\t\t\t\t<\/div>\n\t\t\t\t<\/div>\n\t\t\t\t<section class=\"elementor-section elementor-inner-section elementor-element elementor-element-14496f4 elementor-section-boxed elementor-section-height-default elementor-section-height-default\" data-id=\"14496f4\" data-element_type=\"section\" data-e-type=\"section\">\n\t\t\t\t\t\t<div class=\"elementor-container elementor-column-gap-default\">\n\t\t\t\t\t<div class=\"elementor-column elementor-col-100 elementor-inner-column elementor-element elementor-element-4295160\" data-id=\"4295160\" data-element_type=\"column\" data-e-type=\"column\">\n\t\t\t<div class=\"elementor-widget-wrap elementor-element-populated\">\n\t\t\t\t\t\t<div class=\"elementor-element elementor-element-fa117d5 elementor-widget elementor-widget-text-editor\" data-id=\"fa117d5\" data-element_type=\"widget\" data-e-type=\"widget\" data-widget_type=\"text-editor.default\">\n\t\t\t\t<div class=\"elementor-widget-container\">\n\t\t\t\t\t\t\t\t\t<p>Avec des coll\u00e9giens du coll\u00e8ge montesquieu<\/p>\t\t\t\t\t\t\t\t<\/div>\n\t\t\t\t<\/div>\n\t\t\t\t<div class=\"elementor-element elementor-element-ef8b5aa elementor-widget elementor-widget-text-editor\" data-id=\"ef8b5aa\" data-element_type=\"widget\" data-e-type=\"widget\" data-widget_type=\"text-editor.default\">\n\t\t\t\t<div class=\"elementor-widget-container\">\n\t\t\t\t\t\t\t\t\t<ul><li>Un travail autour du consentement \/ des ateliers Slam\/ecriture\/ th\u00e9\u00e2tre\/ intervention \u00e0 l\u2019ann\u00e9e aupr\u00e8s des classes relais\/ repr\u00e9sentation de pi\u00e8ces dans l\u2019\u00e9tablissement<\/li><li>\u00ab Entendre le NON \/ Th\u00e9\u00e2tre Forum \u00bb [2020] Cr\u00e9ation de la forme en janvier 2020 en lien avec un travail de recherche aupr\u00e8s des jeunes du coll\u00e8ge, jusqu\u2019en f\u00e9vrier 2021, projet repouss\u00e9 en raison du covid.<\/li><\/ul>\t\t\t\t\t\t\t\t<\/div>\n\t\t\t\t<\/div>\n\t\t\t\t<div class=\"elementor-element elementor-element-f8a46dd elementor-widget elementor-widget-spacer\" data-id=\"f8a46dd\" data-element_type=\"widget\" data-e-type=\"widget\" data-widget_type=\"spacer.default\">\n\t\t\t\t<div class=\"elementor-widget-container\">\n\t\t\t\t\t\t\t<div class=\"elementor-spacer\">\n\t\t\t<div class=\"elementor-spacer-inner\"><\/div>\n\t\t<\/div>\n\t\t\t\t\t\t<\/div>\n\t\t\t\t<\/div>\n\t\t\t\t\t<\/div>\n\t\t<\/div>\n\t\t\t\t\t<\/div>\n\t\t<\/section>\n\t\t\t\t<div class=\"elementor-element elementor-element-4324b00 elementor-widget elementor-widget-heading\" data-id=\"4324b00\" data-element_type=\"widget\" data-e-type=\"widget\" data-widget_type=\"heading.default\">\n\t\t\t\t<div class=\"elementor-widget-container\">\n\t\t\t\t\t<h2 class=\"elementor-heading-title elementor-size-default\">2D ET 3EME CYCLE DU PRIMAIRE<\/h2>\t\t\t\t<\/div>\n\t\t\t\t<\/div>\n\t\t\t\t<section class=\"elementor-section elementor-inner-section elementor-element elementor-element-d0e07a6 elementor-section-boxed elementor-section-height-default elementor-section-height-default\" data-id=\"d0e07a6\" data-element_type=\"section\" data-e-type=\"section\">\n\t\t\t\t\t\t<div class=\"elementor-container elementor-column-gap-default\">\n\t\t\t\t\t<div class=\"elementor-column elementor-col-100 elementor-inner-column elementor-element elementor-element-98818b8\" data-id=\"98818b8\" data-element_type=\"column\" data-e-type=\"column\">\n\t\t\t<div class=\"elementor-widget-wrap elementor-element-populated\">\n\t\t\t\t\t\t<div class=\"elementor-element elementor-element-ec9bd34 elementor-widget elementor-widget-text-editor\" data-id=\"ec9bd34\" data-element_type=\"widget\" data-e-type=\"widget\" data-widget_type=\"text-editor.default\">\n\t\t\t\t<div class=\"elementor-widget-container\">\n\t\t\t\t\t\t\t\t\t<p>Des projets avec l\u2019\u00e9cole G. Galloux sont men\u00e9s sur l\u2019ann\u00e9e scolaire\u00a0<\/p>\t\t\t\t\t\t\t\t<\/div>\n\t\t\t\t<\/div>\n\t\t\t\t<div class=\"elementor-element elementor-element-d7b2a34 elementor-widget elementor-widget-text-editor\" data-id=\"d7b2a34\" data-element_type=\"widget\" data-e-type=\"widget\" data-widget_type=\"text-editor.default\">\n\t\t\t\t<div class=\"elementor-widget-container\">\n\t\t\t\t\t\t\t\t\t<ul><li>[2017] Ateliers hebdomadaires et pr\u00e9paration d\u2019un spectacle \u00e0 partir du texte d\u2019Amine ADJINA : Arthur et Ibrahim pour la classe de CM1<\/li><li>[2018] Ecritures et pr\u00e9parations de spectacles \u00e0 partir de contes traditionnels pour les 2 CP.<\/li><li>[2019-2020] <strong>\u00ab Bleu pour les gar\u00e7ons, rose pour les filles, on dit NON !<br \/><\/strong><u style=\"color: var(--global-palette4); font-family: var(--global-body-font-family);\">Un travail<\/u><span style=\"color: var(--global-palette4); font-family: var(--global-body-font-family);\"> avec l\u2019\u00e9cole Gaston Galloux appuy\u00e9 sur 2 classes de CP et CM1 autour de la question du masculin\/f\u00e9minin. Une ouverture aux autres classes de l\u2019\u00e9cole avec des repr\u00e9sentations publiques aurait d\u00fb avoir lieu en mai. Ces jeunes ont \u00e9t\u00e9 dirig\u00e9s vers l\u2019atelier musique de Shoi \u00e0 l\u2019occasion du dispositif l\u2019\u00e9t\u00e9 apprenant, financ\u00e9 par la DRAC via la ligue de l\u2019enseignement, avec le soutien de l\u2019ASELQO Sainte Beuve.<\/span><\/li><li>[2020-2021] Septembre: Atelier arts plastique men\u00e9 par Andy Kraft avec une classe de primaire et un groupe d\u2019adultes.<\/li><\/ul><p>Atelier men\u00e9es par Thierry Falvisaner<\/p>\t\t\t\t\t\t\t\t<\/div>\n\t\t\t\t<\/div>\n\t\t\t\t<div class=\"elementor-element elementor-element-ca3b4ef elementor-widget elementor-widget-spacer\" data-id=\"ca3b4ef\" data-element_type=\"widget\" data-e-type=\"widget\" data-widget_type=\"spacer.default\">\n\t\t\t\t<div class=\"elementor-widget-container\">\n\t\t\t\t\t\t\t<div class=\"elementor-spacer\">\n\t\t\t<div class=\"elementor-spacer-inner\"><\/div>\n\t\t<\/div>\n\t\t\t\t\t\t<\/div>\n\t\t\t\t<\/div>\n\t\t\t\t\t<\/div>\n\t\t<\/div>\n\t\t\t\t\t<\/div>\n\t\t<\/section>\n\t\t\t\t\t<\/div>\n\t\t<\/div>\n\t\t\t\t\t<\/div>\n\t\t<\/section>\n\t\t\t\t<\/div>\n\t\t","protected":false},"excerpt":{"rendered":"<p>Interventions en p\u00e9riode scolaire Aupr\u00e8s des lyc\u00c9ens 01\u00a0 Option th\u00e9atre au lyc\u00e9e\u00a0 Options Th\u00e9\u00e2tre au lyc\u00e9e\u00a0Lyc\u00e9e Jacques Monod \u00e0 Saint-Jean-de-Braye (45) sur 3 niveaux : &#8211; Seconde\u00a0&#8211; Premi\u00e8re\u00a0&#8211; TerminaleIntervenant : Thierry Falvisaner depuis 2011 02\u00a0\u00a0Des projets aux arts lyc\u00e9ens Th\u00e9\u00e2tre Charbon encadre 2 \u00e0 3 projets aux arts lyc\u00e9ens par an.[2020-2021] Un projet avec la&#8230;<\/p>\n","protected":false},"author":1,"featured_media":0,"parent":0,"menu_order":0,"comment_status":"closed","ping_status":"closed","template":"","meta":{"_kad_post_transparent":"","_kad_post_title":"hide","_kad_post_layout":"fullwidth","_kad_post_sidebar_id":"","_kad_post_content_style":"unboxed","_kad_post_vertical_padding":"hide","_kad_post_feature":"hide","_kad_post_feature_position":"","_kad_post_header":false,"_kad_post_footer":false,"cybocfi_hide_featured_image":"","footnotes":""},"class_list":["post-3619","page","type-page","status-publish","hentry"],"yoast_head":"<!-- This site is optimized with the Yoast SEO plugin v22.4 - https:\/\/yoast.com\/wordpress\/plugins\/seo\/ -->\n<title>Interventions en p\u00e9riode scolaire - Th\u00e9\u00e2tre Charbon<\/title>\n<meta name=\"robots\" content=\"index, follow, max-snippet:-1, max-image-preview:large, max-video-preview:-1\" \/>\n<link rel=\"canonical\" href=\"https:\/\/www.theatrecharbon.fr\/sandbox\/interventions-en-periode-scolaire\/\" \/>\n<meta property=\"og:locale\" content=\"fr_FR\" \/>\n<meta property=\"og:type\" content=\"article\" \/>\n<meta property=\"og:title\" content=\"Interventions en p\u00e9riode scolaire - Th\u00e9\u00e2tre Charbon\" \/>\n<meta property=\"og:description\" content=\"Interventions en p\u00e9riode scolaire Aupr\u00e8s des lyc\u00c9ens 01\u00a0 Option th\u00e9atre au lyc\u00e9e\u00a0 Options Th\u00e9\u00e2tre au lyc\u00e9e\u00a0Lyc\u00e9e Jacques Monod \u00e0 Saint-Jean-de-Braye (45) sur 3 niveaux : &#8211; Seconde\u00a0&#8211; Premi\u00e8re\u00a0&#8211; TerminaleIntervenant : Thierry Falvisaner depuis 2011 02\u00a0\u00a0Des projets aux arts lyc\u00e9ens Th\u00e9\u00e2tre Charbon encadre 2 \u00e0 3 projets aux arts lyc\u00e9ens par an.[2020-2021] Un projet avec la...\" \/>\n<meta property=\"og:url\" content=\"https:\/\/www.theatrecharbon.fr\/sandbox\/interventions-en-periode-scolaire\/\" \/>\n<meta property=\"og:site_name\" content=\"Th\u00e9\u00e2tre Charbon\" \/>\n<meta property=\"article:publisher\" content=\"https:\/\/www.facebook.com\/theatrecharbon45\" \/>\n<meta property=\"article:modified_time\" content=\"2021-07-13T12:55:32+00:00\" \/>\n<meta name=\"twitter:card\" content=\"summary_large_image\" \/>\n<meta name=\"twitter:label1\" content=\"Dur\u00e9e de lecture estim\u00e9e\" \/>\n\t<meta name=\"twitter:data1\" content=\"2 minutes\" \/>\n<script type=\"application\/ld+json\" class=\"yoast-schema-graph\">{\"@context\":\"https:\/\/schema.org\",\"@graph\":[{\"@type\":\"WebPage\",\"@id\":\"https:\/\/www.theatrecharbon.fr\/sandbox\/interventions-en-periode-scolaire\/\",\"url\":\"https:\/\/www.theatrecharbon.fr\/sandbox\/interventions-en-periode-scolaire\/\",\"name\":\"Interventions en p\u00e9riode scolaire - Th\u00e9\u00e2tre Charbon\",\"isPartOf\":{\"@id\":\"https:\/\/www.theatrecharbon.fr\/sandbox\/#website\"},\"datePublished\":\"2021-07-13T12:38:38+00:00\",\"dateModified\":\"2021-07-13T12:55:32+00:00\",\"breadcrumb\":{\"@id\":\"https:\/\/www.theatrecharbon.fr\/sandbox\/interventions-en-periode-scolaire\/#breadcrumb\"},\"inLanguage\":\"fr-FR\",\"potentialAction\":[{\"@type\":\"ReadAction\",\"target\":[\"https:\/\/www.theatrecharbon.fr\/sandbox\/interventions-en-periode-scolaire\/\"]}]},{\"@type\":\"BreadcrumbList\",\"@id\":\"https:\/\/www.theatrecharbon.fr\/sandbox\/interventions-en-periode-scolaire\/#breadcrumb\",\"itemListElement\":[{\"@type\":\"ListItem\",\"position\":1,\"name\":\"Accueil\",\"item\":\"https:\/\/www.theatrecharbon.fr\/sandbox\/\"},{\"@type\":\"ListItem\",\"position\":2,\"name\":\"Interventions en p\u00e9riode scolaire\"}]},{\"@type\":\"WebSite\",\"@id\":\"https:\/\/www.theatrecharbon.fr\/sandbox\/#website\",\"url\":\"https:\/\/www.theatrecharbon.fr\/sandbox\/\",\"name\":\"Th\u00e9\u00e2tre Charbon\",\"description\":\"Une compagnie engag\u00e9e pour son territoire\",\"publisher\":{\"@id\":\"https:\/\/www.theatrecharbon.fr\/sandbox\/#organization\"},\"potentialAction\":[{\"@type\":\"SearchAction\",\"target\":{\"@type\":\"EntryPoint\",\"urlTemplate\":\"https:\/\/www.theatrecharbon.fr\/sandbox\/?s={search_term_string}\"},\"query-input\":\"required name=search_term_string\"}],\"inLanguage\":\"fr-FR\"},{\"@type\":\"Organization\",\"@id\":\"https:\/\/www.theatrecharbon.fr\/sandbox\/#organization\",\"name\":\"Th\u00e9\u00e2tre Charbon\",\"url\":\"https:\/\/www.theatrecharbon.fr\/sandbox\/\",\"logo\":{\"@type\":\"ImageObject\",\"inLanguage\":\"fr-FR\",\"@id\":\"https:\/\/www.theatrecharbon.fr\/sandbox\/#\/schema\/logo\/image\/\",\"url\":\"https:\/\/www.theatrecharbon.fr\/sandbox\/wp-content\/uploads\/2021\/03\/cropped-LOGOTYPE_THEATRE_CHARBON-e1620048345361.png\",\"contentUrl\":\"https:\/\/www.theatrecharbon.fr\/sandbox\/wp-content\/uploads\/2021\/03\/cropped-LOGOTYPE_THEATRE_CHARBON-e1620048345361.png\",\"width\":150,\"height\":104,\"caption\":\"Th\u00e9\u00e2tre Charbon\"},\"image\":{\"@id\":\"https:\/\/www.theatrecharbon.fr\/sandbox\/#\/schema\/logo\/image\/\"},\"sameAs\":[\"https:\/\/www.facebook.com\/theatrecharbon45\",\"https:\/\/www.youtube.com\/channel\/UCUYPyyMIHpxmMW8g_322pEg\"]}]}<\/script>\n<!-- \/ Yoast SEO plugin. -->","yoast_head_json":{"title":"Interventions en p\u00e9riode scolaire - Th\u00e9\u00e2tre Charbon","robots":{"index":"index","follow":"follow","max-snippet":"max-snippet:-1","max-image-preview":"max-image-preview:large","max-video-preview":"max-video-preview:-1"},"canonical":"https:\/\/www.theatrecharbon.fr\/sandbox\/interventions-en-periode-scolaire\/","og_locale":"fr_FR","og_type":"article","og_title":"Interventions en p\u00e9riode scolaire - Th\u00e9\u00e2tre Charbon","og_description":"Interventions en p\u00e9riode scolaire Aupr\u00e8s des lyc\u00c9ens 01\u00a0 Option th\u00e9atre au lyc\u00e9e\u00a0 Options Th\u00e9\u00e2tre au lyc\u00e9e\u00a0Lyc\u00e9e Jacques Monod \u00e0 Saint-Jean-de-Braye (45) sur 3 niveaux : &#8211; Seconde\u00a0&#8211; Premi\u00e8re\u00a0&#8211; TerminaleIntervenant : Thierry Falvisaner depuis 2011 02\u00a0\u00a0Des projets aux arts lyc\u00e9ens Th\u00e9\u00e2tre Charbon encadre 2 \u00e0 3 projets aux arts lyc\u00e9ens par an.[2020-2021] Un projet avec la...","og_url":"https:\/\/www.theatrecharbon.fr\/sandbox\/interventions-en-periode-scolaire\/","og_site_name":"Th\u00e9\u00e2tre Charbon","article_publisher":"https:\/\/www.facebook.com\/theatrecharbon45","article_modified_time":"2021-07-13T12:55:32+00:00","twitter_card":"summary_large_image","twitter_misc":{"Dur\u00e9e de lecture estim\u00e9e":"2 minutes"},"schema":{"@context":"https:\/\/schema.org","@graph":[{"@type":"WebPage","@id":"https:\/\/www.theatrecharbon.fr\/sandbox\/interventions-en-periode-scolaire\/","url":"https:\/\/www.theatrecharbon.fr\/sandbox\/interventions-en-periode-scolaire\/","name":"Interventions en p\u00e9riode scolaire - Th\u00e9\u00e2tre Charbon","isPartOf":{"@id":"https:\/\/www.theatrecharbon.fr\/sandbox\/#website"},"datePublished":"2021-07-13T12:38:38+00:00","dateModified":"2021-07-13T12:55:32+00:00","breadcrumb":{"@id":"https:\/\/www.theatrecharbon.fr\/sandbox\/interventions-en-periode-scolaire\/#breadcrumb"},"inLanguage":"fr-FR","potentialAction":[{"@type":"ReadAction","target":["https:\/\/www.theatrecharbon.fr\/sandbox\/interventions-en-periode-scolaire\/"]}]},{"@type":"BreadcrumbList","@id":"https:\/\/www.theatrecharbon.fr\/sandbox\/interventions-en-periode-scolaire\/#breadcrumb","itemListElement":[{"@type":"ListItem","position":1,"name":"Accueil","item":"https:\/\/www.theatrecharbon.fr\/sandbox\/"},{"@type":"ListItem","position":2,"name":"Interventions en p\u00e9riode scolaire"}]},{"@type":"WebSite","@id":"https:\/\/www.theatrecharbon.fr\/sandbox\/#website","url":"https:\/\/www.theatrecharbon.fr\/sandbox\/","name":"Th\u00e9\u00e2tre Charbon","description":"Une compagnie engag\u00e9e pour son territoire","publisher":{"@id":"https:\/\/www.theatrecharbon.fr\/sandbox\/#organization"},"potentialAction":[{"@type":"SearchAction","target":{"@type":"EntryPoint","urlTemplate":"https:\/\/www.theatrecharbon.fr\/sandbox\/?s={search_term_string}"},"query-input":"required name=search_term_string"}],"inLanguage":"fr-FR"},{"@type":"Organization","@id":"https:\/\/www.theatrecharbon.fr\/sandbox\/#organization","name":"Th\u00e9\u00e2tre Charbon","url":"https:\/\/www.theatrecharbon.fr\/sandbox\/","logo":{"@type":"ImageObject","inLanguage":"fr-FR","@id":"https:\/\/www.theatrecharbon.fr\/sandbox\/#\/schema\/logo\/image\/","url":"https:\/\/www.theatrecharbon.fr\/sandbox\/wp-content\/uploads\/2021\/03\/cropped-LOGOTYPE_THEATRE_CHARBON-e1620048345361.png","contentUrl":"https:\/\/www.theatrecharbon.fr\/sandbox\/wp-content\/uploads\/2021\/03\/cropped-LOGOTYPE_THEATRE_CHARBON-e1620048345361.png","width":150,"height":104,"caption":"Th\u00e9\u00e2tre Charbon"},"image":{"@id":"https:\/\/www.theatrecharbon.fr\/sandbox\/#\/schema\/logo\/image\/"},"sameAs":["https:\/\/www.facebook.com\/theatrecharbon45","https:\/\/www.youtube.com\/channel\/UCUYPyyMIHpxmMW8g_322pEg"]}]}},"_links":{"self":[{"href":"https:\/\/www.theatrecharbon.fr\/sandbox\/wp-json\/wp\/v2\/pages\/3619","targetHints":{"allow":["GET"]}}],"collection":[{"href":"https:\/\/www.theatrecharbon.fr\/sandbox\/wp-json\/wp\/v2\/pages"}],"about":[{"href":"https:\/\/www.theatrecharbon.fr\/sandbox\/wp-json\/wp\/v2\/types\/page"}],"author":[{"embeddable":true,"href":"https:\/\/www.theatrecharbon.fr\/sandbox\/wp-json\/wp\/v2\/users\/1"}],"replies":[{"embeddable":true,"href":"https:\/\/www.theatrecharbon.fr\/sandbox\/wp-json\/wp\/v2\/comments?post=3619"}],"version-history":[{"count":22,"href":"https:\/\/www.theatrecharbon.fr\/sandbox\/wp-json\/wp\/v2\/pages\/3619\/revisions"}],"predecessor-version":[{"id":3673,"href":"https:\/\/www.theatrecharbon.fr\/sandbox\/wp-json\/wp\/v2\/pages\/3619\/revisions\/3673"}],"wp:attachment":[{"href":"https:\/\/www.theatrecharbon.fr\/sandbox\/wp-json\/wp\/v2\/media?parent=3619"}],"curies":[{"name":"wp","href":"https:\/\/api.w.org\/{rel}","templated":true}]}}